{"id":5683,"date":"2022-10-12T08:42:59","date_gmt":"2022-10-12T06:42:59","guid":{"rendered":"https:\/\/www.kyrkhelg.fi\/?post_type=podd&#038;p=5683"},"modified":"2022-10-12T09:47:05","modified_gmt":"2022-10-12T07:47:05","slug":"vittna-om-tron-i-vardagen","status":"publish","type":"podd","link":"https:\/\/www.kyrkhelg.fi\/index.php\/podd\/vittna-om-tron-i-vardagen\/","title":{"rendered":"Utrustad f\u00f6r samtiden"},"content":{"rendered":"\n<iframe src=\"https:\/\/anchor.fm\/magnusd\/embed\/episodes\/Nord-2022-Seminarium-8-Utrustad-fr-samtiden--Vittna-om-tron-i-vardagen--Susanna-stman--Jakob-Nybck-e1p50kh\" scrolling=\"no\" width=\"400px\" height=\"200px\" frameborder=\"0\"><\/iframe>\n","protected":false},"excerpt":{"rendered":"","protected":false},"featured_media":5658,"template":"","meta":{"_acf_changed":false,"site-sidebar-layout":"default","site-content-layout":"","ast-site-content-layout":"default","site-content-style":"default","site-sidebar-style":"default","ast-global-header-display":"","ast-banner-title-visibility":"","ast-main-header-display":"","ast-hfb-above-header-display":"","ast-hfb-below-header-display":"","ast-hfb-mobile-header-display":"","site-post-title":"","ast-breadcrumbs-content":"","ast-featured-img":"","footer-sml-layout":"","ast-disable-related-posts":"","theme-transparent-header-meta":"","adv-header-id-meta":"","stick-header-meta":"","header-above-stick-meta":"","header-main-stick-meta":"","header-below-stick-meta":"","astra-migrate-meta-layouts":"default","ast-page-background-enabled":"default","ast-page-background-meta":{"desktop":{"background-color":"","background-image":"","background-repeat":"repeat","background-position":"center center","background-size":"auto","background-attachment":"scroll","background-type":"","background-media":"","overlay-type":"","overlay-color":"","overlay-opacity":"","overlay-gradient":""},"tablet":{"background-color":"","background-image":"","background-repeat":"repeat","background-position":"center center","background-size":"auto","background-attachment":"scroll","background-type":"","background-media":"","overlay-type":"","overlay-color":"","overlay-opacity":"","overlay-gradient":""},"mobile":{"background-color":"","background-image":"","background-repeat":"repeat","background-position":"center center","background-size":"auto","background-attachment":"scroll","background-type":"","background-media":"","overlay-type":"","overlay-color":"","overlay-opacity":"","overlay-gradient":""}},"ast-content-background-meta":{"desktop":{"background-color":"var(--ast-global-color-5)","background-image":"","background-repeat":"repeat","background-position":"center center","background-size":"auto","background-attachment":"scroll","background-type":"","background-media":"","overlay-type":"","overlay-color":"","overlay-opacity":"","overlay-gradient":""},"tablet":{"background-color":"var(--ast-global-color-5)","background-image":"","background-repeat":"repeat","background-position":"center center","background-size":"auto","background-attachment":"scroll","background-type":"","background-media":"","overlay-type":"","overlay-color":"","overlay-opacity":"","overlay-gradient":""},"mobile":{"background-color":"var(--ast-global-color-5)","background-image":"","background-repeat":"repeat","background-position":"center center","background-size":"auto","background-attachment":"scroll","background-type":"","background-media":"","overlay-type":"","overlay-color":"","overlay-opacity":"","overlay-gradient":""}}},"undervisningskategorier":[63,76,68],"class_list":["post-5683","podd","type-podd","status-publish","has-post-thumbnail","hentry","undervisningskategorier-evangelisation-och-mission","undervisningskategorier-kristet-liv","undervisningskategorier-kultur-och-samhalle"],"acf":[],"yoast_head":"<!-- This site is optimized with the Yoast SEO plugin v27.5 - https:\/\/yoast.com\/product\/yoast-seo-wordpress\/ -->\n<title>Utrustad f\u00f6r samtiden - kyrkhelg<\/title>\n<meta name=\"description\" content=\"Missionsbefallningen g\u00e4ller alla kristna \u2013 ocks\u00e5 oss som inte f\u00e5tt kallelsen att \u00e5ka till andra sidan jorden. Hur \u00e4r det med dig och mig, lever vi i kallelsen eller f\u00f6rblir vi sittande? Hur kan vi f\u00f6rmedla frid, frihet, hopp och gl\u00e4dje mitt i en oviss tid full av oro och \u00e5ngest? V\u00e5gar vi ta p\u00e5 oss beredvillighetens skor och \u00e4rligt och uppriktigt be om Guds ledning f\u00f6r att n\u00e5 ut med gl\u00e4djebudskapet till v\u00e5ra medm\u00e4nniskor i en tid som denna? I seminariet diskuteras utmaningar kring och f\u00f6rslag p\u00e5 hur vi kan vara utrustade f\u00f6r samtiden och vittna om tron i vardagen.\" \/>\n<meta name=\"robots\" content=\"index, follow, max-snippet:-1, max-image-preview:large, max-video-preview:-1\" \/>\n<link rel=\"canonical\" href=\"https:\/\/www.kyrkhelg.fi\/index.php\/podd\/vittna-om-tron-i-vardagen\/\" \/>\n<meta property=\"og:locale\" content=\"en_US\" \/>\n<meta property=\"og:type\" content=\"article\" \/>\n<meta property=\"og:title\" content=\"Utrustad f\u00f6r samtiden - kyrkhelg\" \/>\n<meta property=\"og:description\" content=\"Missionsbefallningen g\u00e4ller alla kristna \u2013 ocks\u00e5 oss som inte f\u00e5tt kallelsen att \u00e5ka till andra sidan jorden. Hur \u00e4r det med dig och mig, lever vi i kallelsen eller f\u00f6rblir vi sittande? Hur kan vi f\u00f6rmedla frid, frihet, hopp och gl\u00e4dje mitt i en oviss tid full av oro och \u00e5ngest? V\u00e5gar vi ta p\u00e5 oss beredvillighetens skor och \u00e4rligt och uppriktigt be om Guds ledning f\u00f6r att n\u00e5 ut med gl\u00e4djebudskapet till v\u00e5ra medm\u00e4nniskor i en tid som denna? I seminariet diskuteras utmaningar kring och f\u00f6rslag p\u00e5 hur vi kan vara utrustade f\u00f6r samtiden och vittna om tron i vardagen.\" \/>\n<meta property=\"og:url\" content=\"https:\/\/www.kyrkhelg.fi\/index.php\/podd\/vittna-om-tron-i-vardagen\/\" \/>\n<meta property=\"og:site_name\" content=\"kyrkhelg\" \/>\n<meta property=\"article:publisher\" content=\"https:\/\/www.facebook.com\/kyrkhelg\" \/>\n<meta property=\"article:modified_time\" content=\"2022-10-12T07:47:05+00:00\" \/>\n<meta property=\"og:image\" content=\"https:\/\/www.kyrkhelg.fi\/wp-content\/uploads\/2022\/10\/KHN2022.jpg\" \/>\n\t<meta property=\"og:image:width\" content=\"1500\" \/>\n\t<meta property=\"og:image:height\" content=\"1021\" \/>\n\t<meta property=\"og:image:type\" content=\"image\/jpeg\" \/>\n<meta name=\"twitter:card\" content=\"summary_large_image\" \/>\n<script type=\"application\/ld+json\" class=\"yoast-schema-graph\">{\"@context\":\"https:\\\/\\\/schema.org\",\"@graph\":[{\"@type\":\"WebPage\",\"@id\":\"https:\\\/\\\/www.kyrkhelg.fi\\\/index.php\\\/podd\\\/vittna-om-tron-i-vardagen\\\/\",\"url\":\"https:\\\/\\\/www.kyrkhelg.fi\\\/index.php\\\/podd\\\/vittna-om-tron-i-vardagen\\\/\",\"name\":\"Utrustad f\u00f6r samtiden - kyrkhelg\",\"isPartOf\":{\"@id\":\"https:\\\/\\\/www.kyrkhelg.fi\\\/#website\"},\"primaryImageOfPage\":{\"@id\":\"https:\\\/\\\/www.kyrkhelg.fi\\\/index.php\\\/podd\\\/vittna-om-tron-i-vardagen\\\/#primaryimage\"},\"image\":{\"@id\":\"https:\\\/\\\/www.kyrkhelg.fi\\\/index.php\\\/podd\\\/vittna-om-tron-i-vardagen\\\/#primaryimage\"},\"thumbnailUrl\":\"https:\\\/\\\/www.kyrkhelg.fi\\\/wp-content\\\/uploads\\\/2022\\\/10\\\/KHN2022.jpg\",\"datePublished\":\"2022-10-12T06:42:59+00:00\",\"dateModified\":\"2022-10-12T07:47:05+00:00\",\"description\":\"Missionsbefallningen g\u00e4ller alla kristna \u2013 ocks\u00e5 oss som inte f\u00e5tt kallelsen att \u00e5ka till andra sidan jorden. Hur \u00e4r det med dig och mig, lever vi i kallelsen eller f\u00f6rblir vi sittande? Hur kan vi f\u00f6rmedla frid, frihet, hopp och gl\u00e4dje mitt i en oviss tid full av oro och \u00e5ngest? V\u00e5gar vi ta p\u00e5 oss beredvillighetens skor och \u00e4rligt och uppriktigt be om Guds ledning f\u00f6r att n\u00e5 ut med gl\u00e4djebudskapet till v\u00e5ra medm\u00e4nniskor i en tid som denna? I seminariet diskuteras utmaningar kring och f\u00f6rslag p\u00e5 hur vi kan vara utrustade f\u00f6r samtiden och vittna om tron i vardagen.\",\"breadcrumb\":{\"@id\":\"https:\\\/\\\/www.kyrkhelg.fi\\\/index.php\\\/podd\\\/vittna-om-tron-i-vardagen\\\/#breadcrumb\"},\"inLanguage\":\"en\",\"potentialAction\":[{\"@type\":\"ReadAction\",\"target\":[\"https:\\\/\\\/www.kyrkhelg.fi\\\/index.php\\\/podd\\\/vittna-om-tron-i-vardagen\\\/\"]}]},{\"@type\":\"ImageObject\",\"inLanguage\":\"en\",\"@id\":\"https:\\\/\\\/www.kyrkhelg.fi\\\/index.php\\\/podd\\\/vittna-om-tron-i-vardagen\\\/#primaryimage\",\"url\":\"https:\\\/\\\/www.kyrkhelg.fi\\\/wp-content\\\/uploads\\\/2022\\\/10\\\/KHN2022.jpg\",\"contentUrl\":\"https:\\\/\\\/www.kyrkhelg.fi\\\/wp-content\\\/uploads\\\/2022\\\/10\\\/KHN2022.jpg\",\"width\":1500,\"height\":1021},{\"@type\":\"BreadcrumbList\",\"@id\":\"https:\\\/\\\/www.kyrkhelg.fi\\\/index.php\\\/podd\\\/vittna-om-tron-i-vardagen\\\/#breadcrumb\",\"itemListElement\":[{\"@type\":\"ListItem\",\"position\":1,\"name\":\"Home\",\"item\":\"https:\\\/\\\/www.kyrkhelg.fi\\\/\"},{\"@type\":\"ListItem\",\"position\":2,\"name\":\"Poddar\",\"item\":\"https:\\\/\\\/www.kyrkhelg.fi\\\/index.php\\\/podd\\\/\"},{\"@type\":\"ListItem\",\"position\":3,\"name\":\"Utrustad f\u00f6r samtiden\"}]},{\"@type\":\"WebSite\",\"@id\":\"https:\\\/\\\/www.kyrkhelg.fi\\\/#website\",\"url\":\"https:\\\/\\\/www.kyrkhelg.fi\\\/\",\"name\":\"kyrkhelgen\",\"description\":\"Helgen om Jesus\",\"publisher\":{\"@id\":\"https:\\\/\\\/www.kyrkhelg.fi\\\/#organization\"},\"potentialAction\":[{\"@type\":\"SearchAction\",\"target\":{\"@type\":\"EntryPoint\",\"urlTemplate\":\"https:\\\/\\\/www.kyrkhelg.fi\\\/?s={search_term_string}\"},\"query-input\":{\"@type\":\"PropertyValueSpecification\",\"valueRequired\":true,\"valueName\":\"search_term_string\"}}],\"inLanguage\":\"en\"},{\"@type\":\"Organization\",\"@id\":\"https:\\\/\\\/www.kyrkhelg.fi\\\/#organization\",\"name\":\"Kyrkhelgen\",\"url\":\"https:\\\/\\\/www.kyrkhelg.fi\\\/\",\"logo\":{\"@type\":\"ImageObject\",\"inLanguage\":\"en\",\"@id\":\"https:\\\/\\\/www.kyrkhelg.fi\\\/#\\\/schema\\\/logo\\\/image\\\/\",\"url\":\"https:\\\/\\\/www.kyrkhelg.fi\\\/wp-content\\\/uploads\\\/2021\\\/08\\\/Kyrkhelgen-Logo-e1627898752523.png\",\"contentUrl\":\"https:\\\/\\\/www.kyrkhelg.fi\\\/wp-content\\\/uploads\\\/2021\\\/08\\\/Kyrkhelgen-Logo-e1627898752523.png\",\"width\":200,\"height\":199,\"caption\":\"Kyrkhelgen\"},\"image\":{\"@id\":\"https:\\\/\\\/www.kyrkhelg.fi\\\/#\\\/schema\\\/logo\\\/image\\\/\"},\"sameAs\":[\"https:\\\/\\\/www.facebook.com\\\/kyrkhelg\",\"https:\\\/\\\/instagram.com\\\/kyrkhelgennord?igshid=1sqmgahoxfuld\",\"https:\\\/\\\/www.youtube.com\\\/channel\\\/UC8wwYJtGeH21s0s3WeMmQ6Q\"]}]}<\/script>\n<!-- \/ Yoast SEO plugin. -->","yoast_head_json":{"title":"Utrustad f\u00f6r samtiden - kyrkhelg","description":"Missionsbefallningen g\u00e4ller alla kristna \u2013 ocks\u00e5 oss som inte f\u00e5tt kallelsen att \u00e5ka till andra sidan jorden. Hur \u00e4r det med dig och mig, lever vi i kallelsen eller f\u00f6rblir vi sittande? Hur kan vi f\u00f6rmedla frid, frihet, hopp och gl\u00e4dje mitt i en oviss tid full av oro och \u00e5ngest? V\u00e5gar vi ta p\u00e5 oss beredvillighetens skor och \u00e4rligt och uppriktigt be om Guds ledning f\u00f6r att n\u00e5 ut med gl\u00e4djebudskapet till v\u00e5ra medm\u00e4nniskor i en tid som denna? I seminariet diskuteras utmaningar kring och f\u00f6rslag p\u00e5 hur vi kan vara utrustade f\u00f6r samtiden och vittna om tron i vardagen.","robots":{"index":"index","follow":"follow","max-snippet":"max-snippet:-1","max-image-preview":"max-image-preview:large","max-video-preview":"max-video-preview:-1"},"canonical":"https:\/\/www.kyrkhelg.fi\/index.php\/podd\/vittna-om-tron-i-vardagen\/","og_locale":"en_US","og_type":"article","og_title":"Utrustad f\u00f6r samtiden - kyrkhelg","og_description":"Missionsbefallningen g\u00e4ller alla kristna \u2013 ocks\u00e5 oss som inte f\u00e5tt kallelsen att \u00e5ka till andra sidan jorden. Hur \u00e4r det med dig och mig, lever vi i kallelsen eller f\u00f6rblir vi sittande? Hur kan vi f\u00f6rmedla frid, frihet, hopp och gl\u00e4dje mitt i en oviss tid full av oro och \u00e5ngest? V\u00e5gar vi ta p\u00e5 oss beredvillighetens skor och \u00e4rligt och uppriktigt be om Guds ledning f\u00f6r att n\u00e5 ut med gl\u00e4djebudskapet till v\u00e5ra medm\u00e4nniskor i en tid som denna? I seminariet diskuteras utmaningar kring och f\u00f6rslag p\u00e5 hur vi kan vara utrustade f\u00f6r samtiden och vittna om tron i vardagen.","og_url":"https:\/\/www.kyrkhelg.fi\/index.php\/podd\/vittna-om-tron-i-vardagen\/","og_site_name":"kyrkhelg","article_publisher":"https:\/\/www.facebook.com\/kyrkhelg","article_modified_time":"2022-10-12T07:47:05+00:00","og_image":[{"width":1500,"height":1021,"url":"https:\/\/www.kyrkhelg.fi\/wp-content\/uploads\/2022\/10\/KHN2022.jpg","type":"image\/jpeg"}],"twitter_card":"summary_large_image","schema":{"@context":"https:\/\/schema.org","@graph":[{"@type":"WebPage","@id":"https:\/\/www.kyrkhelg.fi\/index.php\/podd\/vittna-om-tron-i-vardagen\/","url":"https:\/\/www.kyrkhelg.fi\/index.php\/podd\/vittna-om-tron-i-vardagen\/","name":"Utrustad f\u00f6r samtiden - kyrkhelg","isPartOf":{"@id":"https:\/\/www.kyrkhelg.fi\/#website"},"primaryImageOfPage":{"@id":"https:\/\/www.kyrkhelg.fi\/index.php\/podd\/vittna-om-tron-i-vardagen\/#primaryimage"},"image":{"@id":"https:\/\/www.kyrkhelg.fi\/index.php\/podd\/vittna-om-tron-i-vardagen\/#primaryimage"},"thumbnailUrl":"https:\/\/www.kyrkhelg.fi\/wp-content\/uploads\/2022\/10\/KHN2022.jpg","datePublished":"2022-10-12T06:42:59+00:00","dateModified":"2022-10-12T07:47:05+00:00","description":"Missionsbefallningen g\u00e4ller alla kristna \u2013 ocks\u00e5 oss som inte f\u00e5tt kallelsen att \u00e5ka till andra sidan jorden. Hur \u00e4r det med dig och mig, lever vi i kallelsen eller f\u00f6rblir vi sittande? Hur kan vi f\u00f6rmedla frid, frihet, hopp och gl\u00e4dje mitt i en oviss tid full av oro och \u00e5ngest? V\u00e5gar vi ta p\u00e5 oss beredvillighetens skor och \u00e4rligt och uppriktigt be om Guds ledning f\u00f6r att n\u00e5 ut med gl\u00e4djebudskapet till v\u00e5ra medm\u00e4nniskor i en tid som denna? I seminariet diskuteras utmaningar kring och f\u00f6rslag p\u00e5 hur vi kan vara utrustade f\u00f6r samtiden och vittna om tron i vardagen.","breadcrumb":{"@id":"https:\/\/www.kyrkhelg.fi\/index.php\/podd\/vittna-om-tron-i-vardagen\/#breadcrumb"},"inLanguage":"en","potentialAction":[{"@type":"ReadAction","target":["https:\/\/www.kyrkhelg.fi\/index.php\/podd\/vittna-om-tron-i-vardagen\/"]}]},{"@type":"ImageObject","inLanguage":"en","@id":"https:\/\/www.kyrkhelg.fi\/index.php\/podd\/vittna-om-tron-i-vardagen\/#primaryimage","url":"https:\/\/www.kyrkhelg.fi\/wp-content\/uploads\/2022\/10\/KHN2022.jpg","contentUrl":"https:\/\/www.kyrkhelg.fi\/wp-content\/uploads\/2022\/10\/KHN2022.jpg","width":1500,"height":1021},{"@type":"BreadcrumbList","@id":"https:\/\/www.kyrkhelg.fi\/index.php\/podd\/vittna-om-tron-i-vardagen\/#breadcrumb","itemListElement":[{"@type":"ListItem","position":1,"name":"Home","item":"https:\/\/www.kyrkhelg.fi\/"},{"@type":"ListItem","position":2,"name":"Poddar","item":"https:\/\/www.kyrkhelg.fi\/index.php\/podd\/"},{"@type":"ListItem","position":3,"name":"Utrustad f\u00f6r samtiden"}]},{"@type":"WebSite","@id":"https:\/\/www.kyrkhelg.fi\/#website","url":"https:\/\/www.kyrkhelg.fi\/","name":"kyrkhelgen","description":"Helgen om Jesus","publisher":{"@id":"https:\/\/www.kyrkhelg.fi\/#organization"},"potentialAction":[{"@type":"SearchAction","target":{"@type":"EntryPoint","urlTemplate":"https:\/\/www.kyrkhelg.fi\/?s={search_term_string}"},"query-input":{"@type":"PropertyValueSpecification","valueRequired":true,"valueName":"search_term_string"}}],"inLanguage":"en"},{"@type":"Organization","@id":"https:\/\/www.kyrkhelg.fi\/#organization","name":"Kyrkhelgen","url":"https:\/\/www.kyrkhelg.fi\/","logo":{"@type":"ImageObject","inLanguage":"en","@id":"https:\/\/www.kyrkhelg.fi\/#\/schema\/logo\/image\/","url":"https:\/\/www.kyrkhelg.fi\/wp-content\/uploads\/2021\/08\/Kyrkhelgen-Logo-e1627898752523.png","contentUrl":"https:\/\/www.kyrkhelg.fi\/wp-content\/uploads\/2021\/08\/Kyrkhelgen-Logo-e1627898752523.png","width":200,"height":199,"caption":"Kyrkhelgen"},"image":{"@id":"https:\/\/www.kyrkhelg.fi\/#\/schema\/logo\/image\/"},"sameAs":["https:\/\/www.facebook.com\/kyrkhelg","https:\/\/instagram.com\/kyrkhelgennord?igshid=1sqmgahoxfuld","https:\/\/www.youtube.com\/channel\/UC8wwYJtGeH21s0s3WeMmQ6Q"]}]}},"_links":{"self":[{"href":"https:\/\/www.kyrkhelg.fi\/index.php\/wp-json\/wp\/v2\/podd\/5683","targetHints":{"allow":["GET"]}}],"collection":[{"href":"https:\/\/www.kyrkhelg.fi\/index.php\/wp-json\/wp\/v2\/podd"}],"about":[{"href":"https:\/\/www.kyrkhelg.fi\/index.php\/wp-json\/wp\/v2\/types\/podd"}],"version-history":[{"count":4,"href":"https:\/\/www.kyrkhelg.fi\/index.php\/wp-json\/wp\/v2\/podd\/5683\/revisions"}],"predecessor-version":[{"id":5716,"href":"https:\/\/www.kyrkhelg.fi\/index.php\/wp-json\/wp\/v2\/podd\/5683\/revisions\/5716"}],"wp:featuredmedia":[{"embeddable":true,"href":"https:\/\/www.kyrkhelg.fi\/index.php\/wp-json\/wp\/v2\/media\/5658"}],"wp:attachment":[{"href":"https:\/\/www.kyrkhelg.fi\/index.php\/wp-json\/wp\/v2\/media?parent=5683"}],"wp:term":[{"taxonomy":"undervisningskategorier","embeddable":true,"href":"https:\/\/www.kyrkhelg.fi\/index.php\/wp-json\/wp\/v2\/undervisningskategorier?post=5683"}],"curies":[{"name":"wp","href":"https:\/\/api.w.org\/{rel}","templated":true}]}}