{"id":5673,"date":"2022-10-11T19:50:59","date_gmt":"2022-10-11T17:50:59","guid":{"rendered":"https:\/\/www.kyrkhelg.fi\/?post_type=podd&#038;p=5673"},"modified":"2022-10-12T09:43:55","modified_gmt":"2022-10-12T07:43:55","slug":"levande-forsamling","status":"publish","type":"podd","link":"https:\/\/www.kyrkhelg.fi\/index.php\/podd\/levande-forsamling\/","title":{"rendered":"Levande f\u00f6rsamling"},"content":{"rendered":"\n<iframe src=\"https:\/\/anchor.fm\/magnusd\/embed\/episodes\/Nord-2022-Seminarium-16-Levande-frsamling--Cay-Hkan-Englund--Benjamin-Sandell--Jan-Nygrd-e1p41nt\" scrolling=\"no\" width=\"400px\" height=\"200px\" frameborder=\"0\"><\/iframe>\n","protected":false},"excerpt":{"rendered":"","protected":false},"featured_media":5658,"template":"","meta":{"_acf_changed":false,"site-sidebar-layout":"default","site-content-layout":"","ast-site-content-layout":"default","site-content-style":"default","site-sidebar-style":"default","ast-global-header-display":"","ast-banner-title-visibility":"","ast-main-header-display":"","ast-hfb-above-header-display":"","ast-hfb-below-header-display":"","ast-hfb-mobile-header-display":"","site-post-title":"","ast-breadcrumbs-content":"","ast-featured-img":"","footer-sml-layout":"","ast-disable-related-posts":"","theme-transparent-header-meta":"","adv-header-id-meta":"","stick-header-meta":"","header-above-stick-meta":"","header-main-stick-meta":"","header-below-stick-meta":"","astra-migrate-meta-layouts":"default","ast-page-background-enabled":"default","ast-page-background-meta":{"desktop":{"background-color":"","background-image":"","background-repeat":"repeat","background-position":"center center","background-size":"auto","background-attachment":"scroll","background-type":"","background-media":"","overlay-type":"","overlay-color":"","overlay-opacity":"","overlay-gradient":""},"tablet":{"background-color":"","background-image":"","background-repeat":"repeat","background-position":"center center","background-size":"auto","background-attachment":"scroll","background-type":"","background-media":"","overlay-type":"","overlay-color":"","overlay-opacity":"","overlay-gradient":""},"mobile":{"background-color":"","background-image":"","background-repeat":"repeat","background-position":"center center","background-size":"auto","background-attachment":"scroll","background-type":"","background-media":"","overlay-type":"","overlay-color":"","overlay-opacity":"","overlay-gradient":""}},"ast-content-background-meta":{"desktop":{"background-color":"var(--ast-global-color-5)","background-image":"","background-repeat":"repeat","background-position":"center center","background-size":"auto","background-attachment":"scroll","background-type":"","background-media":"","overlay-type":"","overlay-color":"","overlay-opacity":"","overlay-gradient":""},"tablet":{"background-color":"var(--ast-global-color-5)","background-image":"","background-repeat":"repeat","background-position":"center center","background-size":"auto","background-attachment":"scroll","background-type":"","background-media":"","overlay-type":"","overlay-color":"","overlay-opacity":"","overlay-gradient":""},"mobile":{"background-color":"var(--ast-global-color-5)","background-image":"","background-repeat":"repeat","background-position":"center center","background-size":"auto","background-attachment":"scroll","background-type":"","background-media":"","overlay-type":"","overlay-color":"","overlay-opacity":"","overlay-gradient":""}}},"undervisningskategorier":[69],"class_list":["post-5673","podd","type-podd","status-publish","has-post-thumbnail","hentry","undervisningskategorier-kyrkan-och-forsamlingen"],"acf":[],"yoast_head":"<!-- This site is optimized with the Yoast SEO plugin v27.5 - https:\/\/yoast.com\/product\/yoast-seo-wordpress\/ -->\n<title>Levande f\u00f6rsamling - kyrkhelg<\/title>\n<meta name=\"description\" content=\"Benjamin Sandell och Cay-H\u00e5kan Englund dryftar tillsammans med Jan Nyg\u00e5rd om vad kyrkan \u00e4r och hur man ser p\u00e5 folkkyrkans framtid i v\u00e5rt land. \u00c4ven kritiska kommentarer till folkkyrkans utveckling under senare \u00e5r ges och man funderar \u00f6ver hur man kunde komma vidare. En viktig synpunkt \u00e4r att en levande f\u00f6rsamling \u00e4r en gudstj\u00e4nstfirande f\u00f6rsamling.\" \/>\n<meta name=\"robots\" content=\"index, follow, max-snippet:-1, max-image-preview:large, max-video-preview:-1\" \/>\n<link rel=\"canonical\" href=\"https:\/\/www.kyrkhelg.fi\/index.php\/podd\/levande-forsamling\/\" \/>\n<meta property=\"og:locale\" content=\"en_US\" \/>\n<meta property=\"og:type\" content=\"article\" \/>\n<meta property=\"og:title\" content=\"Levande f\u00f6rsamling - kyrkhelg\" \/>\n<meta property=\"og:description\" content=\"Benjamin Sandell och Cay-H\u00e5kan Englund dryftar tillsammans med Jan Nyg\u00e5rd om vad kyrkan \u00e4r och hur man ser p\u00e5 folkkyrkans framtid i v\u00e5rt land. \u00c4ven kritiska kommentarer till folkkyrkans utveckling under senare \u00e5r ges och man funderar \u00f6ver hur man kunde komma vidare. En viktig synpunkt \u00e4r att en levande f\u00f6rsamling \u00e4r en gudstj\u00e4nstfirande f\u00f6rsamling.\" \/>\n<meta property=\"og:url\" content=\"https:\/\/www.kyrkhelg.fi\/index.php\/podd\/levande-forsamling\/\" \/>\n<meta property=\"og:site_name\" content=\"kyrkhelg\" \/>\n<meta property=\"article:publisher\" content=\"https:\/\/www.facebook.com\/kyrkhelg\" \/>\n<meta property=\"article:modified_time\" content=\"2022-10-12T07:43:55+00:00\" \/>\n<meta property=\"og:image\" content=\"https:\/\/www.kyrkhelg.fi\/wp-content\/uploads\/2022\/10\/KHN2022.jpg\" \/>\n\t<meta property=\"og:image:width\" content=\"1500\" \/>\n\t<meta property=\"og:image:height\" content=\"1021\" \/>\n\t<meta property=\"og:image:type\" content=\"image\/jpeg\" \/>\n<meta name=\"twitter:card\" content=\"summary_large_image\" \/>\n<script type=\"application\/ld+json\" class=\"yoast-schema-graph\">{\"@context\":\"https:\\\/\\\/schema.org\",\"@graph\":[{\"@type\":\"WebPage\",\"@id\":\"https:\\\/\\\/www.kyrkhelg.fi\\\/index.php\\\/podd\\\/levande-forsamling\\\/\",\"url\":\"https:\\\/\\\/www.kyrkhelg.fi\\\/index.php\\\/podd\\\/levande-forsamling\\\/\",\"name\":\"Levande f\u00f6rsamling - kyrkhelg\",\"isPartOf\":{\"@id\":\"https:\\\/\\\/www.kyrkhelg.fi\\\/#website\"},\"primaryImageOfPage\":{\"@id\":\"https:\\\/\\\/www.kyrkhelg.fi\\\/index.php\\\/podd\\\/levande-forsamling\\\/#primaryimage\"},\"image\":{\"@id\":\"https:\\\/\\\/www.kyrkhelg.fi\\\/index.php\\\/podd\\\/levande-forsamling\\\/#primaryimage\"},\"thumbnailUrl\":\"https:\\\/\\\/www.kyrkhelg.fi\\\/wp-content\\\/uploads\\\/2022\\\/10\\\/KHN2022.jpg\",\"datePublished\":\"2022-10-11T17:50:59+00:00\",\"dateModified\":\"2022-10-12T07:43:55+00:00\",\"description\":\"Benjamin Sandell och Cay-H\u00e5kan Englund dryftar tillsammans med Jan Nyg\u00e5rd om vad kyrkan \u00e4r och hur man ser p\u00e5 folkkyrkans framtid i v\u00e5rt land. \u00c4ven kritiska kommentarer till folkkyrkans utveckling under senare \u00e5r ges och man funderar \u00f6ver hur man kunde komma vidare. En viktig synpunkt \u00e4r att en levande f\u00f6rsamling \u00e4r en gudstj\u00e4nstfirande f\u00f6rsamling.\",\"breadcrumb\":{\"@id\":\"https:\\\/\\\/www.kyrkhelg.fi\\\/index.php\\\/podd\\\/levande-forsamling\\\/#breadcrumb\"},\"inLanguage\":\"en\",\"potentialAction\":[{\"@type\":\"ReadAction\",\"target\":[\"https:\\\/\\\/www.kyrkhelg.fi\\\/index.php\\\/podd\\\/levande-forsamling\\\/\"]}]},{\"@type\":\"ImageObject\",\"inLanguage\":\"en\",\"@id\":\"https:\\\/\\\/www.kyrkhelg.fi\\\/index.php\\\/podd\\\/levande-forsamling\\\/#primaryimage\",\"url\":\"https:\\\/\\\/www.kyrkhelg.fi\\\/wp-content\\\/uploads\\\/2022\\\/10\\\/KHN2022.jpg\",\"contentUrl\":\"https:\\\/\\\/www.kyrkhelg.fi\\\/wp-content\\\/uploads\\\/2022\\\/10\\\/KHN2022.jpg\",\"width\":1500,\"height\":1021},{\"@type\":\"BreadcrumbList\",\"@id\":\"https:\\\/\\\/www.kyrkhelg.fi\\\/index.php\\\/podd\\\/levande-forsamling\\\/#breadcrumb\",\"itemListElement\":[{\"@type\":\"ListItem\",\"position\":1,\"name\":\"Home\",\"item\":\"https:\\\/\\\/www.kyrkhelg.fi\\\/\"},{\"@type\":\"ListItem\",\"position\":2,\"name\":\"Poddar\",\"item\":\"https:\\\/\\\/www.kyrkhelg.fi\\\/index.php\\\/podd\\\/\"},{\"@type\":\"ListItem\",\"position\":3,\"name\":\"Levande f\u00f6rsamling\"}]},{\"@type\":\"WebSite\",\"@id\":\"https:\\\/\\\/www.kyrkhelg.fi\\\/#website\",\"url\":\"https:\\\/\\\/www.kyrkhelg.fi\\\/\",\"name\":\"kyrkhelgen\",\"description\":\"Helgen om Jesus\",\"publisher\":{\"@id\":\"https:\\\/\\\/www.kyrkhelg.fi\\\/#organization\"},\"potentialAction\":[{\"@type\":\"SearchAction\",\"target\":{\"@type\":\"EntryPoint\",\"urlTemplate\":\"https:\\\/\\\/www.kyrkhelg.fi\\\/?s={search_term_string}\"},\"query-input\":{\"@type\":\"PropertyValueSpecification\",\"valueRequired\":true,\"valueName\":\"search_term_string\"}}],\"inLanguage\":\"en\"},{\"@type\":\"Organization\",\"@id\":\"https:\\\/\\\/www.kyrkhelg.fi\\\/#organization\",\"name\":\"Kyrkhelgen\",\"url\":\"https:\\\/\\\/www.kyrkhelg.fi\\\/\",\"logo\":{\"@type\":\"ImageObject\",\"inLanguage\":\"en\",\"@id\":\"https:\\\/\\\/www.kyrkhelg.fi\\\/#\\\/schema\\\/logo\\\/image\\\/\",\"url\":\"https:\\\/\\\/www.kyrkhelg.fi\\\/wp-content\\\/uploads\\\/2021\\\/08\\\/Kyrkhelgen-Logo-e1627898752523.png\",\"contentUrl\":\"https:\\\/\\\/www.kyrkhelg.fi\\\/wp-content\\\/uploads\\\/2021\\\/08\\\/Kyrkhelgen-Logo-e1627898752523.png\",\"width\":200,\"height\":199,\"caption\":\"Kyrkhelgen\"},\"image\":{\"@id\":\"https:\\\/\\\/www.kyrkhelg.fi\\\/#\\\/schema\\\/logo\\\/image\\\/\"},\"sameAs\":[\"https:\\\/\\\/www.facebook.com\\\/kyrkhelg\",\"https:\\\/\\\/instagram.com\\\/kyrkhelgennord?igshid=1sqmgahoxfuld\",\"https:\\\/\\\/www.youtube.com\\\/channel\\\/UC8wwYJtGeH21s0s3WeMmQ6Q\"]}]}<\/script>\n<!-- \/ Yoast SEO plugin. -->","yoast_head_json":{"title":"Levande f\u00f6rsamling - kyrkhelg","description":"Benjamin Sandell och Cay-H\u00e5kan Englund dryftar tillsammans med Jan Nyg\u00e5rd om vad kyrkan \u00e4r och hur man ser p\u00e5 folkkyrkans framtid i v\u00e5rt land. \u00c4ven kritiska kommentarer till folkkyrkans utveckling under senare \u00e5r ges och man funderar \u00f6ver hur man kunde komma vidare. En viktig synpunkt \u00e4r att en levande f\u00f6rsamling \u00e4r en gudstj\u00e4nstfirande f\u00f6rsamling.","robots":{"index":"index","follow":"follow","max-snippet":"max-snippet:-1","max-image-preview":"max-image-preview:large","max-video-preview":"max-video-preview:-1"},"canonical":"https:\/\/www.kyrkhelg.fi\/index.php\/podd\/levande-forsamling\/","og_locale":"en_US","og_type":"article","og_title":"Levande f\u00f6rsamling - kyrkhelg","og_description":"Benjamin Sandell och Cay-H\u00e5kan Englund dryftar tillsammans med Jan Nyg\u00e5rd om vad kyrkan \u00e4r och hur man ser p\u00e5 folkkyrkans framtid i v\u00e5rt land. \u00c4ven kritiska kommentarer till folkkyrkans utveckling under senare \u00e5r ges och man funderar \u00f6ver hur man kunde komma vidare. En viktig synpunkt \u00e4r att en levande f\u00f6rsamling \u00e4r en gudstj\u00e4nstfirande f\u00f6rsamling.","og_url":"https:\/\/www.kyrkhelg.fi\/index.php\/podd\/levande-forsamling\/","og_site_name":"kyrkhelg","article_publisher":"https:\/\/www.facebook.com\/kyrkhelg","article_modified_time":"2022-10-12T07:43:55+00:00","og_image":[{"width":1500,"height":1021,"url":"https:\/\/www.kyrkhelg.fi\/wp-content\/uploads\/2022\/10\/KHN2022.jpg","type":"image\/jpeg"}],"twitter_card":"summary_large_image","schema":{"@context":"https:\/\/schema.org","@graph":[{"@type":"WebPage","@id":"https:\/\/www.kyrkhelg.fi\/index.php\/podd\/levande-forsamling\/","url":"https:\/\/www.kyrkhelg.fi\/index.php\/podd\/levande-forsamling\/","name":"Levande f\u00f6rsamling - kyrkhelg","isPartOf":{"@id":"https:\/\/www.kyrkhelg.fi\/#website"},"primaryImageOfPage":{"@id":"https:\/\/www.kyrkhelg.fi\/index.php\/podd\/levande-forsamling\/#primaryimage"},"image":{"@id":"https:\/\/www.kyrkhelg.fi\/index.php\/podd\/levande-forsamling\/#primaryimage"},"thumbnailUrl":"https:\/\/www.kyrkhelg.fi\/wp-content\/uploads\/2022\/10\/KHN2022.jpg","datePublished":"2022-10-11T17:50:59+00:00","dateModified":"2022-10-12T07:43:55+00:00","description":"Benjamin Sandell och Cay-H\u00e5kan Englund dryftar tillsammans med Jan Nyg\u00e5rd om vad kyrkan \u00e4r och hur man ser p\u00e5 folkkyrkans framtid i v\u00e5rt land. \u00c4ven kritiska kommentarer till folkkyrkans utveckling under senare \u00e5r ges och man funderar \u00f6ver hur man kunde komma vidare. En viktig synpunkt \u00e4r att en levande f\u00f6rsamling \u00e4r en gudstj\u00e4nstfirande f\u00f6rsamling.","breadcrumb":{"@id":"https:\/\/www.kyrkhelg.fi\/index.php\/podd\/levande-forsamling\/#breadcrumb"},"inLanguage":"en","potentialAction":[{"@type":"ReadAction","target":["https:\/\/www.kyrkhelg.fi\/index.php\/podd\/levande-forsamling\/"]}]},{"@type":"ImageObject","inLanguage":"en","@id":"https:\/\/www.kyrkhelg.fi\/index.php\/podd\/levande-forsamling\/#primaryimage","url":"https:\/\/www.kyrkhelg.fi\/wp-content\/uploads\/2022\/10\/KHN2022.jpg","contentUrl":"https:\/\/www.kyrkhelg.fi\/wp-content\/uploads\/2022\/10\/KHN2022.jpg","width":1500,"height":1021},{"@type":"BreadcrumbList","@id":"https:\/\/www.kyrkhelg.fi\/index.php\/podd\/levande-forsamling\/#breadcrumb","itemListElement":[{"@type":"ListItem","position":1,"name":"Home","item":"https:\/\/www.kyrkhelg.fi\/"},{"@type":"ListItem","position":2,"name":"Poddar","item":"https:\/\/www.kyrkhelg.fi\/index.php\/podd\/"},{"@type":"ListItem","position":3,"name":"Levande f\u00f6rsamling"}]},{"@type":"WebSite","@id":"https:\/\/www.kyrkhelg.fi\/#website","url":"https:\/\/www.kyrkhelg.fi\/","name":"kyrkhelgen","description":"Helgen om Jesus","publisher":{"@id":"https:\/\/www.kyrkhelg.fi\/#organization"},"potentialAction":[{"@type":"SearchAction","target":{"@type":"EntryPoint","urlTemplate":"https:\/\/www.kyrkhelg.fi\/?s={search_term_string}"},"query-input":{"@type":"PropertyValueSpecification","valueRequired":true,"valueName":"search_term_string"}}],"inLanguage":"en"},{"@type":"Organization","@id":"https:\/\/www.kyrkhelg.fi\/#organization","name":"Kyrkhelgen","url":"https:\/\/www.kyrkhelg.fi\/","logo":{"@type":"ImageObject","inLanguage":"en","@id":"https:\/\/www.kyrkhelg.fi\/#\/schema\/logo\/image\/","url":"https:\/\/www.kyrkhelg.fi\/wp-content\/uploads\/2021\/08\/Kyrkhelgen-Logo-e1627898752523.png","contentUrl":"https:\/\/www.kyrkhelg.fi\/wp-content\/uploads\/2021\/08\/Kyrkhelgen-Logo-e1627898752523.png","width":200,"height":199,"caption":"Kyrkhelgen"},"image":{"@id":"https:\/\/www.kyrkhelg.fi\/#\/schema\/logo\/image\/"},"sameAs":["https:\/\/www.facebook.com\/kyrkhelg","https:\/\/instagram.com\/kyrkhelgennord?igshid=1sqmgahoxfuld","https:\/\/www.youtube.com\/channel\/UC8wwYJtGeH21s0s3WeMmQ6Q"]}]}},"_links":{"self":[{"href":"https:\/\/www.kyrkhelg.fi\/index.php\/wp-json\/wp\/v2\/podd\/5673","targetHints":{"allow":["GET"]}}],"collection":[{"href":"https:\/\/www.kyrkhelg.fi\/index.php\/wp-json\/wp\/v2\/podd"}],"about":[{"href":"https:\/\/www.kyrkhelg.fi\/index.php\/wp-json\/wp\/v2\/types\/podd"}],"version-history":[{"count":4,"href":"https:\/\/www.kyrkhelg.fi\/index.php\/wp-json\/wp\/v2\/podd\/5673\/revisions"}],"predecessor-version":[{"id":5710,"href":"https:\/\/www.kyrkhelg.fi\/index.php\/wp-json\/wp\/v2\/podd\/5673\/revisions\/5710"}],"wp:featuredmedia":[{"embeddable":true,"href":"https:\/\/www.kyrkhelg.fi\/index.php\/wp-json\/wp\/v2\/media\/5658"}],"wp:attachment":[{"href":"https:\/\/www.kyrkhelg.fi\/index.php\/wp-json\/wp\/v2\/media?parent=5673"}],"wp:term":[{"taxonomy":"undervisningskategorier","embeddable":true,"href":"https:\/\/www.kyrkhelg.fi\/index.php\/wp-json\/wp\/v2\/undervisningskategorier?post=5673"}],"curies":[{"name":"wp","href":"https:\/\/api.w.org\/{rel}","templated":true}]}}