{"version":"1.0","provider_name":"kyrkhelg","provider_url":"https:\/\/www.kyrkhelg.fi","author_name":"Magnus","author_url":"https:\/\/www.kyrkhelg.fi\/index.php\/author\/magnus\/","title":"Utrustad f\u00f6r samtiden - kyrkhelg","type":"rich","width":600,"height":338,"html":"<blockquote class=\"wp-embedded-content\" data-secret=\"smfQHBMkZ3\"><a href=\"https:\/\/www.kyrkhelg.fi\/index.php\/podd\/vittna-om-tron-i-vardagen\/\">Utrustad f\u00f6r samtiden<\/a><\/blockquote><iframe sandbox=\"allow-scripts\" security=\"restricted\" src=\"https:\/\/www.kyrkhelg.fi\/index.php\/podd\/vittna-om-tron-i-vardagen\/embed\/#?secret=smfQHBMkZ3\" width=\"600\" height=\"338\" title=\"&#8220;Utrustad f\u00f6r samtiden&#8221; &#8212; kyrkhelg\" data-secret=\"smfQHBMkZ3\" frameborder=\"0\" marginwidth=\"0\" marginheight=\"0\" scrolling=\"no\" class=\"wp-embedded-content\"><\/iframe><script>\n\/*! This file is auto-generated *\/\n!function(d,l){\"use strict\";l.querySelector&&d.addEventListener&&\"undefined\"!=typeof URL&&(d.wp=d.wp||{},d.wp.receiveEmbedMessage||(d.wp.receiveEmbedMessage=function(e){var t=e.data;if((t||t.secret||t.message||t.value)&&!\/[^a-zA-Z0-9]\/.test(t.secret)){for(var s,r,n,a=l.querySelectorAll('iframe[data-secret=\"'+t.secret+'\"]'),o=l.querySelectorAll('blockquote[data-secret=\"'+t.secret+'\"]'),c=new RegExp(\"^https?:$\",\"i\"),i=0;i<o.length;i++)o[i].style.display=\"none\";for(i=0;i<a.length;i++)s=a[i],e.source===s.contentWindow&&(s.removeAttribute(\"style\"),\"height\"===t.message?(1e3<(r=parseInt(t.value,10))?r=1e3:~~r<200&&(r=200),s.height=r):\"link\"===t.message&&(r=new URL(s.getAttribute(\"src\")),n=new URL(t.value),c.test(n.protocol))&&n.host===r.host&&l.activeElement===s&&(d.top.location.href=t.value))}},d.addEventListener(\"message\",d.wp.receiveEmbedMessage,!1),l.addEventListener(\"DOMContentLoaded\",function(){for(var e,t,s=l.querySelectorAll(\"iframe.wp-embedded-content\"),r=0;r<s.length;r++)(t=(e=s[r]).getAttribute(\"data-secret\"))||(t=Math.random().toString(36).substring(2,12),e.src+=\"#?secret=\"+t,e.setAttribute(\"data-secret\",t)),e.contentWindow.postMessage({message:\"ready\",secret:t},\"*\")},!1)))}(window,document);\n\/\/# sourceURL=https:\/\/www.kyrkhelg.fi\/wp-includes\/js\/wp-embed.min.js\n<\/script>\n","thumbnail_url":"https:\/\/www.kyrkhelg.fi\/wp-content\/uploads\/2022\/10\/KHN2022.jpg","thumbnail_width":1500,"thumbnail_height":1021,"description":"Missionsbefallningen g\u00e4ller alla kristna \u2013 ocks\u00e5 oss som inte f\u00e5tt kallelsen att \u00e5ka till andra sidan jorden. Hur \u00e4r det med dig och mig, lever vi i kallelsen eller f\u00f6rblir vi sittande? Hur kan vi f\u00f6rmedla frid, frihet, hopp och gl\u00e4dje mitt i en oviss tid full av oro och \u00e5ngest? V\u00e5gar vi ta p\u00e5 oss beredvillighetens skor och \u00e4rligt och uppriktigt be om Guds ledning f\u00f6r att n\u00e5 ut med gl\u00e4djebudskapet till v\u00e5ra medm\u00e4nniskor i en tid som denna? I seminariet diskuteras utmaningar kring och f\u00f6rslag p\u00e5 hur vi kan vara utrustade f\u00f6r samtiden och vittna om tron i vardagen."}